{"id":389,"date":"2018-07-25T15:05:43","date_gmt":"2018-07-25T13:05:43","guid":{"rendered":"http:\/\/www.pitstop360.it\/it\/?page_id=389-old"},"modified":"2022-04-20T10:56:35","modified_gmt":"2022-04-20T08:56:35","slug":"allestimento-auto-disabili-montebelluna","status":"publish","type":"page","link":"https:\/\/www.pitstop360.it\/it\/allestimento-auto-disabili-montebelluna\/","title":{"rendered":"Allestimento Auto Disabili"},"content":{"rendered":"<p><a href=\"http:\/\/www.pitstop360.it\/it\/wp-content\/uploads\/2018\/07\/allestimento-auto-disabili.png\"><img loading=\"lazy\" decoding=\"async\" class=\" wp-image-652 alignleft\" src=\"http:\/\/www.pitstop360.it\/it\/wp-content\/uploads\/2018\/07\/allestimento-auto-disabili-300x300.png\" alt=\"\" width=\"229\" height=\"229\" srcset=\"https:\/\/www.pitstop360.it\/it\/wp-content\/uploads\/2018\/07\/allestimento-auto-disabili-300x300.png 300w, https:\/\/www.pitstop360.it\/it\/wp-content\/uploads\/2018\/07\/allestimento-auto-disabili-150x150.png 150w, https:\/\/www.pitstop360.it\/it\/wp-content\/uploads\/2018\/07\/allestimento-auto-disabili.png 400w\" sizes=\"(max-width: 229px) 100vw, 229px\" \/><\/a><\/p>\n<h2><strong>Pit Stop \u00e8 l&#8217;unico rivenditore autorizzato Fadiel della zona di Treviso, Montebelluna e dintorni<\/strong><\/h2>\n<p style=\"font-family: 'Open Sans'; font-size: 22px; font-weight: 300; color: #3c3c3c; line-height: 1.4em; text-align: left;\">Pit Stop dal 2018 si occupa anche di <a href=\"https:\/\/www.allestimentoauto.it\/it\/\" target=\"_blank\" rel=\"noopener\">Allestimento Auto per chi presenta delle disabilit\u00e0 motorie.<\/a><\/p>\n<p style=\"font-family: 'Open Sans'; font-size: 22px; font-weight: 300; color: #3c3c3c; line-height: 1.4em; text-align: left;\">La disabilit\u00e0 motoria \u00e8 quella disabilit\u00e0 per cui l\u2019<b>adattamento<\/b>\u00a0tecnico del veicolo costituisce una condizione inderogabile che deve sempre risultare dalla\u00a0<b>Carta di Circolazione<\/b>.<\/p>\n<p style=\"font-family: 'Open Sans'; font-size: 22px; font-weight: 300; color: #3c3c3c; line-height: 1.4em; text-align: left;\">Pit Stop \u00e8 l&#8217;unico rivenditore autorizzato Fadiel della zona di Treviso, Montebelluna e dintorni.<\/p>\n<h2 style=\"text-align: left;\"><\/h2>\n<h2 style=\"text-align: left;\"><strong><span style=\"font-family: 'Open Sans'; font-size: 36px; color: #3c3c3c; line-height: 1.4em;\">Le agevolazioni fiscali per allestimento auto disabili<\/span><\/strong><\/h2>\n<p style=\"font-family: 'Open Sans'; font-size: 22px; font-weight: 300; color: #3c3c3c; line-height: 1.4em; text-align: left;\">Dotarsi di un&#8217;auto con tutte le apparecchiature necessarie per una guida stabile e sicura non \u00e8 solo una condizione necessaria. Questa d\u00e0 anche il diritto al godimento di una serie di agevolazioni fiscali detraibili.<\/p>\n<p style=\"font-family: 'Open Sans'; font-size: 22px; font-weight: 300; color: #3c3c3c; line-height: 1.4em; text-align: left;\">In che modo?<\/p>\n<p style=\"font-family: 'Open Sans'; font-size: 22px; font-weight: 300; color: #3c3c3c; line-height: 1.4em; text-align: left;\">La persona\u00a0disabile, titolare di una\u00a0patente\u00a0di guida\u00a0speciale\u00a0o affetta da una patologia che comporta ridotte o impedite capacit\u00e0 motorie permanenti pu\u00f2 usufruire delle agevolazioni fiscali (<i>IPT<\/i>,\u00a0<i>bollo<\/i>,\u00a0<i>IVA<\/i>\u00a0e\u00a0<i>Irpef<\/i>)<strong> solo ed esclusivamente<\/strong> se i veicoli vengono adattati in funzione della disabilit\u00e0 motoria.<\/p>\n<p style=\"font-family: 'Open Sans'; font-size: 22px; font-weight: 300; color: #3c3c3c; line-height: 1.4em; text-align: left;\">Possono beneficiare delle agevolazioni fiscali quei veicoli dotati di <strong>cambio automatico.<\/strong> Per cambio automatico si intende qualsiasi dispositivo di serie o di tipo approvato che svolga automaticamente la variazione dei rapporti di velocit\u00e0 del veicolo attraverso l&#8217;uso dell\u2019<i>acceleratore<\/i>\u00a0o del\u00a0<i>freno<\/i>. Si intende\u00a0<i>frizione automatica<\/i>\u00a0qualsiasi dispositivo di serie o di tipo approvato che effettui automaticamente, o tramite servomeccanismi, la funzione propria della\u00a0<i>frizione.<\/i><\/p>\n<p style=\"font-family: 'Open Sans'; font-size: 22px; font-weight: 300; color: #3c3c3c; line-height: 1.4em; text-align: left;\">In base alla normativa vigente e alle direttive impartite dal\u00a0<b>Ministero dei Trasporti<\/b>\u00a0\u00e8 ritenuto idoneo qualsiasi tipo di allestimento a condizione per\u00f2 che presenti un collegamento permanente al veicolo tale da comportare un suo reale ed effettivo\u00a0<b>adattamento<\/b>\u00a0e che abbia un collegamento funzionale con l\u2019<b>handicap<\/b><\/p>\n<h2 style=\"text-align: left;\"><strong><span style=\"font-family: 'Open Sans'; font-size: 36px; color: #3c3c3c; line-height: 1.4em;\">Dispositivi di guida per disabili<\/span><\/strong><\/h2>\n<p style=\"font-family: 'Open Sans'; font-size: 22px; font-weight: 300; color: #3c3c3c; line-height: 1.4em; text-align: left;\">Da Pit Stop a Montebelluna e nei pressi di Treviso, operiamo per l&#8217;inserimento di:<\/p>\n<ul style=\"list-style-type: circle; text-align: left;\">\n<li style=\"font-family: 'Open Sans'; font-size: 22px; font-weight: 300; color: #3c3c3c; line-height: 1.4em;\">dispositivi di presa al volante;<\/li>\n<li style=\"font-family: 'Open Sans'; font-size: 22px; font-weight: 300; color: #3c3c3c; line-height: 1.4em;\">dispositivi di controllo luci;<\/li>\n<li style=\"font-family: 'Open Sans'; font-size: 22px; font-weight: 300; color: #3c3c3c; line-height: 1.4em;\">indicatori di direzione;<\/li>\n<li style=\"font-family: 'Open Sans'; font-size: 22px; font-weight: 300; color: #3c3c3c; line-height: 1.4em;\">avvisatore acustico con\u00a0comandi modificati;<\/li>\n<li style=\"font-family: 'Open Sans'; font-size: 22px; font-weight: 300; color: #3c3c3c; line-height: 1.4em;\">comandi guida per minorazioni totali arti superiori;<\/li>\n<li style=\"font-family: 'Open Sans'; font-size: 22px; font-weight: 300; color: #3c3c3c; line-height: 1.4em;\">comandi guida per tetraplegici;<\/li>\n<li style=\"font-family: 'Open Sans'; font-size: 22px; font-weight: 300; color: #3c3c3c; line-height: 1.4em;\">adattamenti leva\u00a0cambio,\u00a0frizione automatica,\u00a0<i>acceleratore manuale<\/i>, pedale\u00a0<i>acceleratore a sinistra<\/i>,\u00a0<i>freno<\/i>\u00a0e\u00a0<i>acceleratore manuale<\/i>, freno di servizio manuale, freno di stazionamento;<\/li>\n<li style=\"font-family: 'Open Sans'; font-size: 22px; font-weight: 300; color: #3c3c3c; line-height: 1.4em;\">dispositivi per deficit statura e cintura di sicurezza diagonale.<\/li>\n<\/ul>\n<p style=\"font-family: 'Open Sans'; font-size: 22px; font-weight: 300; color: #3c3c3c; line-height: 1.4em; text-align: left;\">Gli\u00a0<b>adattamenti<\/b>\u00a0alla\u00a0<b>carrozzeria<\/b>\u00a0del veicolo riguardano invece:<\/p>\n<ul style=\"list-style-type: circle; text-align: left;\">\n<li style=\"font-family: 'Open Sans'; font-size: 22px; font-weight: 300; color: #3c3c3c; line-height: 1.4em;\">lo sportello scorrevole;<\/li>\n<li style=\"font-family: 'Open Sans'; font-size: 22px; font-weight: 300; color: #3c3c3c; line-height: 1.4em;\">il sedile scorrevole-girevole simultaneamente (utile ad agevolare l \u2019inserimento del disabile nell\u2019 abitacolo del veicolo);<\/li>\n<li style=\"font-family: 'Open Sans'; font-size: 22px; font-weight: 300; color: #3c3c3c; line-height: 1.4em;\">la pedana sollevatrice ad azionamento meccanico-elettrico-idraulico;<\/li>\n<li style=\"font-family: 'Open Sans'; font-size: 22px; font-weight: 300; color: #3c3c3c; line-height: 1.4em;\">lo scivolo a scomparsa ad azionamento meccanico-elettrico-idraulico;<\/li>\n<li style=\"font-family: 'Open Sans'; font-size: 22px; font-weight: 300; color: #3c3c3c; line-height: 1.4em;\">il braccio sollevatore ad azionamento meccanico-elettrico-idraulico;<\/li>\n<li style=\"font-family: 'Open Sans'; font-size: 22px; font-weight: 300; color: #3c3c3c; line-height: 1.4em;\">il paranco ad azionamento meccanico-elettrico-idraulico;<\/li>\n<li style=\"font-family: 'Open Sans'; font-size: 22px; font-weight: 300; color: #3c3c3c; line-height: 1.4em;\">il sistema di ancoraggio della carrozzella con annesso sistema di ritenuta del disabile (cinture di sicurezza).<\/li>\n<\/ul>\n<p style=\"font-family: 'Open Sans'; font-size: 22px; font-weight: 300; color: #3c3c3c; line-height: 1.4em; text-align: left;\">A completamento dell&#8217;offerta <strong>Pit Stop offre anche il noleggio di pulmini allestiti per il trasporto di persone con disabilit\u00e0 e il noleggio di un&#8217;auto allestita per la guida di persone con disabilit\u00e0.<\/strong><\/p>\n<p style=\"font-family: 'Open Sans'; font-size: 22px; font-weight: 300; color: #3c3c3c; line-height: 1.4em; text-align: left;\">Per saperne di pi\u00f9 visita il nostro sito web <a href=\"http:\/\/www.allestimentoautodisabili.it\">www.soluzioniperlamobilita.it<\/a><\/p>\n","protected":false},"excerpt":{"rendered":"<p>Pit Stop \u00e8 l&#8217;unico rivenditore autorizzato Fadiel della zona di Treviso, Montebelluna e dintorni Pit Stop dal 2018 si occupa anche di Allestimento Auto per chi presenta delle disabilit\u00e0 motorie. La disabilit\u00e0 motoria \u00e8 quella disabilit\u00e0 per cui l\u2019adattamento\u00a0tecnico del veicolo costituisce una condizione inderogabile che deve sempre risultare dalla\u00a0Carta di Circolazione. Pit Stop \u00e8&hellip; <br \/> <a class=\"read-more\" href=\"https:\/\/www.pitstop360.it\/it\/allestimento-auto-disabili-montebelluna\/\">Leggi tutto<\/a><\/p>\n","protected":false},"author":3,"featured_media":0,"parent":0,"menu_order":0,"comment_status":"closed","ping_status":"closed","template":"","meta":{"om_disable_all_campaigns":false,"_monsterinsights_skip_tracking":false,"_uf_show_specific_survey":0,"_uf_disable_surveys":false,"footnotes":""},"yoast_head":"<!-- This site is optimized with the Yoast SEO plugin v22.8 - https:\/\/yoast.com\/wordpress\/plugins\/seo\/ -->\n<title>Allestimento Auto Disabili - Pit Stop s.r.l. | Montebelluna, Caerano San Marco (Treviso)<\/title>\n<meta name=\"description\" content=\"Nei pressi di Treviso e Montebelluna, da Pit Stop Srl puoi trovare un servizio di allestimento auto per chi presenta delle disabilit\u00e0 motorie.\" \/>\n<meta name=\"robots\" content=\"index, follow, max-snippet:-1, max-image-preview:large, max-video-preview:-1\" \/>\n<link rel=\"canonical\" href=\"https:\/\/www.pitstop360.it\/it\/allestimento-auto-disabili-montebelluna\/\" \/>\n<meta property=\"og:locale\" content=\"it_IT\" \/>\n<meta property=\"og:type\" content=\"article\" \/>\n<meta property=\"og:title\" content=\"Allestimento Auto Disabili - Pit Stop s.r.l. | Montebelluna, Caerano San Marco (Treviso)\" \/>\n<meta property=\"og:description\" content=\"Nei pressi di Treviso e Montebelluna, da Pit Stop Srl puoi trovare un servizio di allestimento auto per chi presenta delle disabilit\u00e0 motorie.\" \/>\n<meta property=\"og:url\" content=\"https:\/\/www.pitstop360.it\/it\/allestimento-auto-disabili-montebelluna\/\" \/>\n<meta property=\"og:site_name\" content=\"Pit Stop s.r.l.\" \/>\n<meta property=\"article:modified_time\" content=\"2022-04-20T08:56:35+00:00\" \/>\n<meta property=\"og:image\" content=\"http:\/\/www.pitstop360.it\/it\/wp-content\/uploads\/2018\/07\/allestimento-auto-disabili-300x300.png\" \/>\n<meta name=\"twitter:card\" content=\"summary_large_image\" \/>\n<meta name=\"twitter:label1\" content=\"Tempo di lettura stimato\" \/>\n\t<meta name=\"twitter:data1\" content=\"3 minuti\" \/>\n<script type=\"application\/ld+json\" class=\"yoast-schema-graph\">{\"@context\":\"https:\/\/schema.org\",\"@graph\":[{\"@type\":\"WebPage\",\"@id\":\"https:\/\/www.pitstop360.it\/it\/allestimento-auto-disabili-montebelluna\/\",\"url\":\"https:\/\/www.pitstop360.it\/it\/allestimento-auto-disabili-montebelluna\/\",\"name\":\"Allestimento Auto Disabili - Pit Stop s.r.l. | Montebelluna, Caerano San Marco (Treviso)\",\"isPartOf\":{\"@id\":\"https:\/\/www.pitstop360.it\/it\/#website\"},\"primaryImageOfPage\":{\"@id\":\"https:\/\/www.pitstop360.it\/it\/allestimento-auto-disabili-montebelluna\/#primaryimage\"},\"image\":{\"@id\":\"https:\/\/www.pitstop360.it\/it\/allestimento-auto-disabili-montebelluna\/#primaryimage\"},\"thumbnailUrl\":\"http:\/\/www.pitstop360.it\/it\/wp-content\/uploads\/2018\/07\/allestimento-auto-disabili-300x300.png\",\"datePublished\":\"2018-07-25T13:05:43+00:00\",\"dateModified\":\"2022-04-20T08:56:35+00:00\",\"description\":\"Nei pressi di Treviso e Montebelluna, da Pit Stop Srl puoi trovare un servizio di allestimento auto per chi presenta delle disabilit\u00e0 motorie.\",\"breadcrumb\":{\"@id\":\"https:\/\/www.pitstop360.it\/it\/allestimento-auto-disabili-montebelluna\/#breadcrumb\"},\"inLanguage\":\"it-IT\",\"potentialAction\":[{\"@type\":\"ReadAction\",\"target\":[\"https:\/\/www.pitstop360.it\/it\/allestimento-auto-disabili-montebelluna\/\"]}]},{\"@type\":\"ImageObject\",\"inLanguage\":\"it-IT\",\"@id\":\"https:\/\/www.pitstop360.it\/it\/allestimento-auto-disabili-montebelluna\/#primaryimage\",\"url\":\"https:\/\/www.pitstop360.it\/it\/wp-content\/uploads\/2018\/07\/allestimento-auto-disabili.png\",\"contentUrl\":\"https:\/\/www.pitstop360.it\/it\/wp-content\/uploads\/2018\/07\/allestimento-auto-disabili.png\",\"width\":400,\"height\":400,\"caption\":\"allestimento auto disabili\"},{\"@type\":\"BreadcrumbList\",\"@id\":\"https:\/\/www.pitstop360.it\/it\/allestimento-auto-disabili-montebelluna\/#breadcrumb\",\"itemListElement\":[{\"@type\":\"ListItem\",\"position\":1,\"name\":\"Home\",\"item\":\"https:\/\/www.pitstop360.it\/it\/\"},{\"@type\":\"ListItem\",\"position\":2,\"name\":\"Allestimento Auto Disabili\"}]},{\"@type\":\"WebSite\",\"@id\":\"https:\/\/www.pitstop360.it\/it\/#website\",\"url\":\"https:\/\/www.pitstop360.it\/it\/\",\"name\":\"Pit Stop s.r.l.\",\"description\":\"La tua auto a 360\u00b0\",\"publisher\":{\"@id\":\"https:\/\/www.pitstop360.it\/it\/#organization\"},\"potentialAction\":[{\"@type\":\"SearchAction\",\"target\":{\"@type\":\"EntryPoint\",\"urlTemplate\":\"https:\/\/www.pitstop360.it\/it\/?s={search_term_string}\"},\"query-input\":\"required name=search_term_string\"}],\"inLanguage\":\"it-IT\"},{\"@type\":\"Organization\",\"@id\":\"https:\/\/www.pitstop360.it\/it\/#organization\",\"name\":\"Pit Stop S.r.l. Centro Servizi Auto\",\"url\":\"https:\/\/www.pitstop360.it\/it\/\",\"logo\":{\"@type\":\"ImageObject\",\"inLanguage\":\"it-IT\",\"@id\":\"https:\/\/www.pitstop360.it\/it\/#\/schema\/logo\/image\/\",\"url\":\"https:\/\/www.pitstop360.it\/it\/wp-content\/uploads\/2022\/04\/logo-pit-stop-360-caerano-montebelluna-treviso-autofficina-centro-pneumatici-carrozzeria.jpg\",\"contentUrl\":\"https:\/\/www.pitstop360.it\/it\/wp-content\/uploads\/2022\/04\/logo-pit-stop-360-caerano-montebelluna-treviso-autofficina-centro-pneumatici-carrozzeria.jpg\",\"width\":826,\"height\":430,\"caption\":\"Pit Stop S.r.l. Centro Servizi Auto\"},\"image\":{\"@id\":\"https:\/\/www.pitstop360.it\/it\/#\/schema\/logo\/image\/\"}}]}<\/script>\n<!-- \/ Yoast SEO plugin. -->","yoast_head_json":{"title":"Allestimento Auto Disabili - Pit Stop s.r.l. | Montebelluna, Caerano San Marco (Treviso)","description":"Nei pressi di Treviso e Montebelluna, da Pit Stop Srl puoi trovare un servizio di allestimento auto per chi presenta delle disabilit\u00e0 motorie.","robots":{"index":"index","follow":"follow","max-snippet":"max-snippet:-1","max-image-preview":"max-image-preview:large","max-video-preview":"max-video-preview:-1"},"canonical":"https:\/\/www.pitstop360.it\/it\/allestimento-auto-disabili-montebelluna\/","og_locale":"it_IT","og_type":"article","og_title":"Allestimento Auto Disabili - Pit Stop s.r.l. | Montebelluna, Caerano San Marco (Treviso)","og_description":"Nei pressi di Treviso e Montebelluna, da Pit Stop Srl puoi trovare un servizio di allestimento auto per chi presenta delle disabilit\u00e0 motorie.","og_url":"https:\/\/www.pitstop360.it\/it\/allestimento-auto-disabili-montebelluna\/","og_site_name":"Pit Stop s.r.l.","article_modified_time":"2022-04-20T08:56:35+00:00","og_image":[{"url":"http:\/\/www.pitstop360.it\/it\/wp-content\/uploads\/2018\/07\/allestimento-auto-disabili-300x300.png"}],"twitter_card":"summary_large_image","twitter_misc":{"Tempo di lettura stimato":"3 minuti"},"schema":{"@context":"https:\/\/schema.org","@graph":[{"@type":"WebPage","@id":"https:\/\/www.pitstop360.it\/it\/allestimento-auto-disabili-montebelluna\/","url":"https:\/\/www.pitstop360.it\/it\/allestimento-auto-disabili-montebelluna\/","name":"Allestimento Auto Disabili - Pit Stop s.r.l. | Montebelluna, Caerano San Marco (Treviso)","isPartOf":{"@id":"https:\/\/www.pitstop360.it\/it\/#website"},"primaryImageOfPage":{"@id":"https:\/\/www.pitstop360.it\/it\/allestimento-auto-disabili-montebelluna\/#primaryimage"},"image":{"@id":"https:\/\/www.pitstop360.it\/it\/allestimento-auto-disabili-montebelluna\/#primaryimage"},"thumbnailUrl":"http:\/\/www.pitstop360.it\/it\/wp-content\/uploads\/2018\/07\/allestimento-auto-disabili-300x300.png","datePublished":"2018-07-25T13:05:43+00:00","dateModified":"2022-04-20T08:56:35+00:00","description":"Nei pressi di Treviso e Montebelluna, da Pit Stop Srl puoi trovare un servizio di allestimento auto per chi presenta delle disabilit\u00e0 motorie.","breadcrumb":{"@id":"https:\/\/www.pitstop360.it\/it\/allestimento-auto-disabili-montebelluna\/#breadcrumb"},"inLanguage":"it-IT","potentialAction":[{"@type":"ReadAction","target":["https:\/\/www.pitstop360.it\/it\/allestimento-auto-disabili-montebelluna\/"]}]},{"@type":"ImageObject","inLanguage":"it-IT","@id":"https:\/\/www.pitstop360.it\/it\/allestimento-auto-disabili-montebelluna\/#primaryimage","url":"https:\/\/www.pitstop360.it\/it\/wp-content\/uploads\/2018\/07\/allestimento-auto-disabili.png","contentUrl":"https:\/\/www.pitstop360.it\/it\/wp-content\/uploads\/2018\/07\/allestimento-auto-disabili.png","width":400,"height":400,"caption":"allestimento auto disabili"},{"@type":"BreadcrumbList","@id":"https:\/\/www.pitstop360.it\/it\/allestimento-auto-disabili-montebelluna\/#breadcrumb","itemListElement":[{"@type":"ListItem","position":1,"name":"Home","item":"https:\/\/www.pitstop360.it\/it\/"},{"@type":"ListItem","position":2,"name":"Allestimento Auto Disabili"}]},{"@type":"WebSite","@id":"https:\/\/www.pitstop360.it\/it\/#website","url":"https:\/\/www.pitstop360.it\/it\/","name":"Pit Stop s.r.l.","description":"La tua auto a 360\u00b0","publisher":{"@id":"https:\/\/www.pitstop360.it\/it\/#organization"},"potentialAction":[{"@type":"SearchAction","target":{"@type":"EntryPoint","urlTemplate":"https:\/\/www.pitstop360.it\/it\/?s={search_term_string}"},"query-input":"required name=search_term_string"}],"inLanguage":"it-IT"},{"@type":"Organization","@id":"https:\/\/www.pitstop360.it\/it\/#organization","name":"Pit Stop S.r.l. Centro Servizi Auto","url":"https:\/\/www.pitstop360.it\/it\/","logo":{"@type":"ImageObject","inLanguage":"it-IT","@id":"https:\/\/www.pitstop360.it\/it\/#\/schema\/logo\/image\/","url":"https:\/\/www.pitstop360.it\/it\/wp-content\/uploads\/2022\/04\/logo-pit-stop-360-caerano-montebelluna-treviso-autofficina-centro-pneumatici-carrozzeria.jpg","contentUrl":"https:\/\/www.pitstop360.it\/it\/wp-content\/uploads\/2022\/04\/logo-pit-stop-360-caerano-montebelluna-treviso-autofficina-centro-pneumatici-carrozzeria.jpg","width":826,"height":430,"caption":"Pit Stop S.r.l. Centro Servizi Auto"},"image":{"@id":"https:\/\/www.pitstop360.it\/it\/#\/schema\/logo\/image\/"}}]}},"_links":{"self":[{"href":"https:\/\/www.pitstop360.it\/it\/wp-json\/wp\/v2\/pages\/389"}],"collection":[{"href":"https:\/\/www.pitstop360.it\/it\/wp-json\/wp\/v2\/pages"}],"about":[{"href":"https:\/\/www.pitstop360.it\/it\/wp-json\/wp\/v2\/types\/page"}],"author":[{"embeddable":true,"href":"https:\/\/www.pitstop360.it\/it\/wp-json\/wp\/v2\/users\/3"}],"replies":[{"embeddable":true,"href":"https:\/\/www.pitstop360.it\/it\/wp-json\/wp\/v2\/comments?post=389"}],"version-history":[{"count":17,"href":"https:\/\/www.pitstop360.it\/it\/wp-json\/wp\/v2\/pages\/389\/revisions"}],"predecessor-version":[{"id":1007,"href":"https:\/\/www.pitstop360.it\/it\/wp-json\/wp\/v2\/pages\/389\/revisions\/1007"}],"wp:attachment":[{"href":"https:\/\/www.pitstop360.it\/it\/wp-json\/wp\/v2\/media?parent=389"}],"curies":[{"name":"wp","href":"https:\/\/api.w.org\/{rel}","templated":true}]}}